{"id":2,"date":"2017-08-23T19:56:35","date_gmt":"2017-08-23T19:56:35","guid":{"rendered":"http:\/\/localhost\/wp\/wp481\/?page_id=2"},"modified":"2025-02-03T12:15:19","modified_gmt":"2025-02-03T12:15:19","slug":"sample-page","status":"publish","type":"page","link":"https:\/\/www.zsnemyceves.info\/?page_id=2","title":{"rendered":"KONTAKTY"},"content":{"rendered":"\n<p><strong>N\u00e1zev \u0161koly<\/strong>: Z\u00e1kladn\u00ed \u0161kola, Nemy\u010deves, okres Ji\u010d\u00edn<\/p>\n\n\n\n<p><strong>Z\u0159izovatel:&nbsp;<\/strong>Obec Nemy\u010deves<\/p>\n\n\n\n<p><strong>U\u010debn\u00ed dokument: Na\u0161e \u0161kola<\/strong><\/p>\n\n\n\n<p><strong>I\u010c<\/strong>: 701 88 475<\/p>\n\n\n\n<p><strong>IZO<\/strong>: 600092275<\/p>\n\n\n\n<p><strong>Datov\u00e1 schr\u00e1nka<\/strong>:&nbsp;<strong>rkbhuvx<\/strong><\/p>\n\n\n\n<p><strong>\u0158editel &nbsp;\u0161koly<\/strong>: Mgr. Pavel Bern\u00fd, jmenov\u00e1n od 1. 8. 2023<\/p>\n\n\n\n<p><strong>Telefon: 736&nbsp;633&nbsp;687<\/strong><\/p>\n\n\n\n<p>zsnemyceves@gmail.com<\/p>\n\n\n\n<p><strong>Adresa \u0161koly<\/strong>: Nemy\u010deves 77, Ji\u010d\u00edn 506 01<\/p>\n\n\n\n<p><strong>P\u0159\u00edjem \u017e\u00e1dost\u00ed o informace \u2013&nbsp;<\/strong>\u017d\u00e1dosti o informace zas\u00edlejte po\u0161tou na adresu \u0161koly k ruk\u00e1m \u0159editele \u0161koly, osobn\u011b na adrese \u0161koly, elektronicky na adresu \u0161koly<\/p>\n\n\n<table style=\"height: 377px;\" width=\"855\">\n<tbody>\n<tr>\n<td width=\"160\"><strong>JM\u00c9NO\u00a0 \u00a0<\/strong><\/td>\n<td width=\"170\"><strong>FUNKCE<\/strong><\/td>\n<td width=\"123\"><strong>TELEFON<\/strong><\/td>\n<td width=\"182\"><strong>E-MAIL<\/strong><\/td>\n<\/tr>\n<tr>\n<td width=\"160\">Mgr. Pavel Bern\u00fd<\/td>\n<td width=\"170\">\u0159editel \u0161koly<\/td>\n<td width=\"123\">736\u00a0633 687<\/td>\n<td width=\"182\">zsnemyceves@gmail.com<\/td>\n<\/tr>\n<tr>\n<td width=\"160\">\u00a0<\/td>\n<td width=\"170\">\u00a0<\/td>\n<td width=\"123\">\u00a0<\/td>\n<td width=\"182\">\u00a0<\/td>\n<\/tr>\n<tr>\n<td width=\"160\">Martina Kupkov\u00e1<\/td>\n<td width=\"170\">t\u0159\u00eddn\u00ed u\u010ditelka I. t\u0159\u00eddy<\/td>\n<td width=\"123\">603 724 937<\/td>\n<td width=\"182\">zsnem.kupkova@gmail.com<\/td>\n<\/tr>\n<tr>\n<td width=\"160\">Daniela Bern\u00e1<\/td>\n<td width=\"170\">t\u0159\u00eddn\u00ed u\u010ditelka II. t\u0159\u00eddy<\/td>\n<td width=\"123\">\u00a0<\/td>\n<td width=\"182\">zsnem.bernad@gmail.com<\/td>\n<\/tr>\n<tr>\n<td width=\"160\">Mgr. Zuzana Bern\u00e1<\/td>\n<td width=\"170\">t\u0159\u00eddn\u00ed u\u010ditelka III. t\u0159\u00eddy<\/td>\n<td width=\"123\">736 280 833<\/td>\n<td width=\"182\">zsnem.berna@gmail.com<\/td>\n<\/tr>\n<tr>\n<td width=\"160\">\u00a0<\/td>\n<td width=\"170\">v\u00fdchovn\u00e1 poradkyn\u011b<\/td>\n<td width=\"123\">\u00a0<\/td>\n<td width=\"182\">\u00a0<\/td>\n<\/tr>\n<tr>\n<td width=\"160\">\u00a0<\/td>\n<td width=\"170\">\u00a0<\/td>\n<td width=\"123\">\u00a0<\/td>\n<td width=\"182\">\u00a0<\/td>\n<\/tr>\n<tr>\n<td width=\"160\">Renata Rudolfov\u00e1<\/td>\n<td width=\"170\">AP, vychovatelka \u0160D<\/td>\n<td width=\"123\">737 155 165<\/td>\n<td width=\"182\">\u00a0<\/td>\n<\/tr>\n<tr>\n<td width=\"160\">Alena Kor\u00e1bov\u00e1<\/td>\n<td width=\"170\">AP, vychovatelka \u0160D<\/td>\n<td width=\"123\">\u00a0<\/td>\n<td width=\"182\">\u00a0<\/td>\n<\/tr>\n<tr>\n<td width=\"160\">Michaela Pale\u010dkov\u00e1<\/td>\n<td width=\"170\">AP, vychovatelka \u0160D<\/td>\n<td width=\"123\">608 902 203<\/td>\n<td width=\"182\">\u00a0<\/td>\n<\/tr>\n<tr>\n<td width=\"160\">Dana Kutnarov\u00e1<\/td>\n<td width=\"170\">kumulovan\u00e1 funkce, svoz<\/td>\n<td width=\"123\">732 800 783<\/td>\n<td width=\"182\">\u00a0<\/td>\n<\/tr>\n<\/tbody>\n<\/table>\n<p><strong>Kontaktn\u00ed \u00fadaje na pov\u011b\u0159ence pro ochranu osobn\u00edch \u00fadaj\u016f<\/strong><\/p>\n<p>V\u00a0souladu s\u00a0ustanoven\u00edm \u010dl\u00e1nku 37 odst. 7 na\u0159\u00edzen\u00ed Evropsk\u00e9ho parlamentu a Rady \u010d. 2016\/679 ze dne 27.\u00a04.\u00a02016 o ochran\u011b fyzick\u00fdch osob v souvislosti se zpracov\u00e1n\u00edm osobn\u00edch \u00fadaj\u016f a o voln\u00e9m pohybu t\u011bchto \u00fadaj\u016f a o zru\u0161en\u00ed sm\u011brnice\u00a095\/46\/ES Z\u00e1kladn\u00ed \u0161kola Nemy\u010deves zve\u0159ej\u0148uje kontaktn\u00ed \u00fadaje na jmenovan\u00e9ho pov\u011b\u0159ence pro ochranu osobn\u00edch \u00fadaj\u016f:<\/p>\n<p style=\"text-align: center;\"><strong>Mgr. Ale\u0161 Mal\u00fd<\/strong><\/p>\n<p style=\"text-align: center;\">email: <a href=\"mailto:office@alteconsulting.cz\">office@alteconsulting.cz<\/a><\/p>\n<p style=\"text-align: center;\">tel. +420 773 980 946<\/p>\n<p style=\"text-align: center;\">adresa: Husova 64, 506 01 Ji\u010d\u00edn<\/p>","protected":false},"excerpt":{"rendered":"<p>N\u00e1zev \u0161koly: Z\u00e1kladn\u00ed \u0161kola, Nemy\u010deves, okres Ji\u010d\u00edn Z\u0159izovatel:&nbsp;Obec Nemy\u010deves U\u010debn\u00ed dokument: Na\u0161e \u0161kola I\u010c: 701 88 475 IZO: 600092275 Datov\u00e1 schr\u00e1nka:&nbsp;rkbhuvx \u0158editel &nbsp;\u0161koly: Mgr. Pavel Bern\u00fd, jmenov\u00e1n od 1. 8. 2023 Telefon: 736&nbsp;633&nbsp;687 zsnemyceves@gmail.com Adresa \u0161koly: Nemy\u010deves 77, Ji\u010d\u00edn 506 01 P\u0159\u00edjem \u017e\u00e1dost\u00ed o informace \u2013&nbsp;\u017d\u00e1dosti o informace zas\u00edlejte po\u0161tou na adresu \u0161koly k ruk\u00e1m \u0159editele \u0161koly, osobn\u011b na adrese<\/p>\n","protected":false},"author":1,"featured_media":0,"parent":0,"menu_order":2,"comment_status":"closed","ping_status":"open","template":"","meta":{"footnotes":""},"class_list":["post-2","page","type-page","status-publish","hentry"],"_links":{"self":[{"href":"https:\/\/www.zsnemyceves.info\/index.php?rest_route=\/wp\/v2\/pages\/2","targetHints":{"allow":["GET"]}}],"collection":[{"href":"https:\/\/www.zsnemyceves.info\/index.php?rest_route=\/wp\/v2\/pages"}],"about":[{"href":"https:\/\/www.zsnemyceves.info\/index.php?rest_route=\/wp\/v2\/types\/page"}],"author":[{"embeddable":true,"href":"https:\/\/www.zsnemyceves.info\/index.php?rest_route=\/wp\/v2\/users\/1"}],"replies":[{"embeddable":true,"href":"https:\/\/www.zsnemyceves.info\/index.php?rest_route=%2Fwp%2Fv2%2Fcomments&post=2"}],"version-history":[{"count":28,"href":"https:\/\/www.zsnemyceves.info\/index.php?rest_route=\/wp\/v2\/pages\/2\/revisions"}],"predecessor-version":[{"id":2490,"href":"https:\/\/www.zsnemyceves.info\/index.php?rest_route=\/wp\/v2\/pages\/2\/revisions\/2490"}],"wp:attachment":[{"href":"https:\/\/www.zsnemyceves.info\/index.php?rest_route=%2Fwp%2Fv2%2Fmedia&parent=2"}],"curies":[{"name":"wp","href":"https:\/\/api.w.org\/{rel}","templated":true}]}}