{"id":226,"date":"2017-12-01T20:02:05","date_gmt":"2017-12-01T20:02:05","guid":{"rendered":"http:\/\/www.zsnemyceves.info\/?page_id=226"},"modified":"2025-05-06T11:48:07","modified_gmt":"2025-05-06T11:48:07","slug":"ovoce-a-mleko-do-skol","status":"publish","type":"page","link":"https:\/\/www.zsnemyceves.info\/?page_id=226","title":{"rendered":"\u0160ablony OPJAK II Z\u0160 Nemy\u010deves"},"content":{"rendered":"\n<figure class=\"wp-block-image size-large\"><img loading=\"lazy\" decoding=\"async\" width=\"1024\" height=\"148\" src=\"https:\/\/www.zsnemyceves.info\/wp-content\/uploads\/2025\/05\/EUMSMT-Barevne-1024x148.png\" alt=\"\" class=\"wp-image-2526\" srcset=\"https:\/\/www.zsnemyceves.info\/wp-content\/uploads\/2025\/05\/EUMSMT-Barevne-1024x148.png 1024w, https:\/\/www.zsnemyceves.info\/wp-content\/uploads\/2025\/05\/EUMSMT-Barevne-300x43.png 300w, https:\/\/www.zsnemyceves.info\/wp-content\/uploads\/2025\/05\/EUMSMT-Barevne-768x111.png 768w, https:\/\/www.zsnemyceves.info\/wp-content\/uploads\/2025\/05\/EUMSMT-Barevne-1536x222.png 1536w, https:\/\/www.zsnemyceves.info\/wp-content\/uploads\/2025\/05\/EUMSMT-Barevne-2048x296.png 2048w\" sizes=\"auto, (max-width: 1024px) 100vw, 1024px\" \/><\/figure>\n\n\n\n<p><\/p>\n\n\n\n<p class=\"has-black-color has-text-color has-link-color has-medium-font-size wp-elements-37d984c1da9f4d5b9626e5863dc99769\"><strong>V\u00fdzva \u010d. 02_24_034 \u0160ablony pro M\u0160 a Z\u0160 II<\/strong><\/p>\n\n\n\n<p>Od 1. 1. 2025 realizuje na\u0161e \u0161kola vybran\u00e9 \u0161ablony v\u00fdzvy v r\u00e1mci vlastn\u00edho projektu&nbsp;\u201e<strong>\u0160ablony OPJAK II Z\u0160 Nemy\u010deves\u201c<\/strong>. C\u00edlem v\u00fdzvy je p\u0159isp\u011bt k zaji\u0161t\u011bn\u00ed rovn\u00e9ho p\u0159\u00edstupu ke kvalitn\u00edmu a inkluzivn\u00edmu vzd\u011bl\u00e1v\u00e1n\u00ed pro v\u0161echny d\u011bti, \u017e\u00e1ky a \u00fa\u010dastn\u00edky z\u00e1jmov\u00e9ho vzd\u011bl\u00e1v\u00e1n\u00ed prost\u0159ednictv\u00edm podp\u016frn\u00fdch person\u00e1ln\u00edch pozic, vzd\u011bl\u00e1v\u00e1n\u00ed pracovn\u00edk\u016f \u0161kol a \u0161kolsk\u00fdch za\u0159\u00edzen\u00ed pro z\u00e1jmov\u00e9 vzd\u011bl\u00e1v\u00e1n\u00ed, podpory zav\u00e1d\u011bn\u00ed inovativn\u00edch metod vzd\u011bl\u00e1v\u00e1n\u00ed za \u00fa\u010delem p\u0159\u00edpravy v\u00fduky v souladu s p\u0159ipravovanou reviz\u00ed r\u00e1mcov\u00fdch vzd\u011bl\u00e1vac\u00edch program\u016f a podpory d\u011bt\u00ed, \u017e\u00e1k\u016f a \u00fa\u010dastn\u00edk\u016f z\u00e1jmov\u00e9ho vzd\u011bl\u00e1v\u00e1n\u00ed ohro\u017een\u00fdch \u0161koln\u00edm ne\u00fasp\u011bchem a z marginalizovan\u00fdch skupin.<\/p>\n\n\n\n<p>Aktivity realizovan\u00e9 na na\u0161\u00ed \u0161kole v&nbsp;r\u00e1mci tohoto projektu jsou zam\u011b\u0159eny na realizaci inovativn\u00edho vzd\u011bl\u00e1v\u00e1n\u00ed v&nbsp;Z\u0160 a \u0160D a vzd\u011bl\u00e1v\u00e1n\u00ed pedagogick\u00fdch pracovn\u00edk\u016f Z\u0160.<\/p>\n\n\n\n<p>Registra\u010dn\u00ed \u010d\u00edslo projektu: CZ.02.02.04\/00\/24_034\/0009825<\/p>\n\n\n\n<p>N\u00e1zev opera\u010dn\u00edho programu:&nbsp;Opera\u010dn\u00ed program Jan Amos Komensk\u00fd<\/p>\n\n\n\n<p>\u010c\u00edslo v\u00fdzvy:&nbsp;02_24_034<\/p>\n\n\n\n<p>Doba realizace:&nbsp;1. 1. 2025 \u2013 31. 12. 2027<\/p>\n\n\n\n<p>Rozpo\u010det projektu celkem:&nbsp;317.040,- K\u010d<\/p>\n\n\n\n<p>Na\u0161e \u0161kola se zapoj\u00ed v&nbsp;r\u00e1mci projektu do n\u00e1sleduj\u00edc\u00edch \u0161ablon:<\/p>\n\n\n\n<figure class=\"wp-block-table is-style-stripes\"><table class=\"has-fixed-layout\"><tbody><tr><td>2.II\/4 pro 2.2 Vzd\u011bl\u00e1v\u00e1n\u00ed pracovn\u00edk\u016f ve vzd\u011bl\u00e1v\u00e1n\u00ed Z\u0160<\/td><\/tr><tr><td>2.II\/5 pro 2.2 Inovativn\u00ed vzd\u011bl\u00e1v\u00e1n\u00ed \u017e\u00e1k\u016f v Z\u0160<\/td><\/tr><tr><td>2.V\/2 pro 2.2 Inovativn\u00ed vzd\u011bl\u00e1v\u00e1n\u00ed \u00fa\u010dastn\u00edk\u016f z\u00e1jmov\u00e9ho vzd\u011bl\u00e1v\u00e1n\u00ed v \u0160D\/\u0160K<\/td><\/tr><\/tbody><\/table><\/figure>\n\n\n\n<p>&nbsp;<\/p>\n\n\n\n<figure class=\"wp-block-gallery has-nested-images columns-3 is-cropped wp-block-gallery-1 is-layout-flex wp-block-gallery-is-layout-flex\">\n\n<\/figure>\n\n\n\n<p><\/p>\n","protected":false},"excerpt":{"rendered":"<p>V\u00fdzva \u010d. 02_24_034 \u0160ablony pro M\u0160 a Z\u0160 II Od 1. 1. 2025 realizuje na\u0161e \u0161kola vybran\u00e9 \u0161ablony v\u00fdzvy v r\u00e1mci vlastn\u00edho projektu&nbsp;\u201e\u0160ablony OPJAK II Z\u0160 Nemy\u010deves\u201c. C\u00edlem v\u00fdzvy je p\u0159isp\u011bt k zaji\u0161t\u011bn\u00ed rovn\u00e9ho p\u0159\u00edstupu ke kvalitn\u00edmu a inkluzivn\u00edmu vzd\u011bl\u00e1v\u00e1n\u00ed pro v\u0161echny d\u011bti, \u017e\u00e1ky a \u00fa\u010dastn\u00edky z\u00e1jmov\u00e9ho vzd\u011bl\u00e1v\u00e1n\u00ed prost\u0159ednictv\u00edm podp\u016frn\u00fdch person\u00e1ln\u00edch pozic, vzd\u011bl\u00e1v\u00e1n\u00ed pracovn\u00edk\u016f \u0161kol a \u0161kolsk\u00fdch za\u0159\u00edzen\u00ed pro z\u00e1jmov\u00e9<\/p>\n","protected":false},"author":1,"featured_media":0,"parent":203,"menu_order":0,"comment_status":"closed","ping_status":"closed","template":"","meta":{"footnotes":""},"class_list":["post-226","page","type-page","status-publish","hentry"],"_links":{"self":[{"href":"https:\/\/www.zsnemyceves.info\/index.php?rest_route=\/wp\/v2\/pages\/226","targetHints":{"allow":["GET"]}}],"collection":[{"href":"https:\/\/www.zsnemyceves.info\/index.php?rest_route=\/wp\/v2\/pages"}],"about":[{"href":"https:\/\/www.zsnemyceves.info\/index.php?rest_route=\/wp\/v2\/types\/page"}],"author":[{"embeddable":true,"href":"https:\/\/www.zsnemyceves.info\/index.php?rest_route=\/wp\/v2\/users\/1"}],"replies":[{"embeddable":true,"href":"https:\/\/www.zsnemyceves.info\/index.php?rest_route=%2Fwp%2Fv2%2Fcomments&post=226"}],"version-history":[{"count":7,"href":"https:\/\/www.zsnemyceves.info\/index.php?rest_route=\/wp\/v2\/pages\/226\/revisions"}],"predecessor-version":[{"id":2527,"href":"https:\/\/www.zsnemyceves.info\/index.php?rest_route=\/wp\/v2\/pages\/226\/revisions\/2527"}],"up":[{"embeddable":true,"href":"https:\/\/www.zsnemyceves.info\/index.php?rest_route=\/wp\/v2\/pages\/203"}],"wp:attachment":[{"href":"https:\/\/www.zsnemyceves.info\/index.php?rest_route=%2Fwp%2Fv2%2Fmedia&parent=226"}],"curies":[{"name":"wp","href":"https:\/\/api.w.org\/{rel}","templated":true}]}}