{"id":239,"date":"2017-12-02T09:33:04","date_gmt":"2017-12-02T09:33:04","guid":{"rendered":"http:\/\/www.zsnemyceves.info\/?page_id=239"},"modified":"2026-01-30T15:37:11","modified_gmt":"2026-01-30T15:37:11","slug":"zapis-do-1-tridy","status":"publish","type":"page","link":"https:\/\/www.zsnemyceves.info\/?page_id=239","title":{"rendered":"Z\u00e1pis do 1. ro\u010dn\u00edku"},"content":{"rendered":"\n<p><strong>Ozn\u00e1men\u00ed rozhodnut\u00ed o p\u0159ijet\u00ed \u017e\u00e1k\u016f k z\u00e1kladn\u00edmu vzd\u011bl\u00e1v\u00e1n\u00ed od \u0161koln\u00edho roku 2026\/2027.<\/strong><\/p>\n\n\n\n<p>V\u0161em uchaze\u010d\u016fm moc gratulujeme a t\u011b\u0161\u00edme se v z\u00e1\u0159\u00ed na nov\u00e9 prv\u0148\u00e1\u010dky. <\/p>\n\n\n\n<figure class=\"wp-block-image size-large\"><img loading=\"lazy\" decoding=\"async\" width=\"724\" height=\"1024\" src=\"https:\/\/www.zsnemyceves.info\/wp-content\/uploads\/2026\/01\/SKM_C250i26013016281-724x1024.jpg\" alt=\"\" class=\"wp-image-2562\" srcset=\"https:\/\/www.zsnemyceves.info\/wp-content\/uploads\/2026\/01\/SKM_C250i26013016281-724x1024.jpg 724w, https:\/\/www.zsnemyceves.info\/wp-content\/uploads\/2026\/01\/SKM_C250i26013016281-212x300.jpg 212w, https:\/\/www.zsnemyceves.info\/wp-content\/uploads\/2026\/01\/SKM_C250i26013016281-768x1086.jpg 768w, https:\/\/www.zsnemyceves.info\/wp-content\/uploads\/2026\/01\/SKM_C250i26013016281-1086x1536.jpg 1086w, https:\/\/www.zsnemyceves.info\/wp-content\/uploads\/2026\/01\/SKM_C250i26013016281-1448x2048.jpg 1448w, https:\/\/www.zsnemyceves.info\/wp-content\/uploads\/2026\/01\/SKM_C250i26013016281-scaled.jpg 1810w\" sizes=\"auto, (max-width: 724px) 100vw, 724px\" \/><\/figure>\n\n\n\n<div class=\"wp-block-group is-nowrap is-layout-flex wp-container-core-group-is-layout-ad2f72ca wp-block-group-is-layout-flex\"><\/div>\n\n\n\n<hr class=\"wp-block-separator has-alpha-channel-opacity\"\/>\n\n\n\n<figure class=\"wp-block-image size-large\"><img loading=\"lazy\" decoding=\"async\" width=\"1024\" height=\"724\" src=\"https:\/\/www.zsnemyceves.info\/wp-content\/uploads\/2026\/01\/1-1024x724.png\" alt=\"\" class=\"wp-image-2550\" srcset=\"https:\/\/www.zsnemyceves.info\/wp-content\/uploads\/2026\/01\/1-1024x724.png 1024w, https:\/\/www.zsnemyceves.info\/wp-content\/uploads\/2026\/01\/1-300x212.png 300w, https:\/\/www.zsnemyceves.info\/wp-content\/uploads\/2026\/01\/1-768x543.png 768w, https:\/\/www.zsnemyceves.info\/wp-content\/uploads\/2026\/01\/1-1536x1086.png 1536w, https:\/\/www.zsnemyceves.info\/wp-content\/uploads\/2026\/01\/1.png 2000w\" sizes=\"auto, (max-width: 1024px) 100vw, 1024px\" \/><\/figure>\n\n\n\n<p><strong>Pro \u0161koln\u00ed rok 2026\/2027 je mo\u017en\u00e9 p\u0159ijmout maxim\u00e1ln\u011b 9 \u017e\u00e1k\u016f 1. ro\u010dn\u00edku.<\/strong><\/p>\n\n\n\n<p><strong>Krit\u00e9ria pro p\u0159ijet\u00ed d\u00edt\u011bte k z\u00e1kladn\u00edmu vzd\u011bl\u00e1v\u00e1n\u00ed:<\/strong><\/p>\n\n\n\n<ol class=\"wp-block-list\">\n<li>Do 1. ro\u010dn\u00edku Z\u0160 v Nemy\u010devsi budou p\u0159ednostn\u011b p\u0159ij\u00edm\u00e1ni \u017e\u00e1ci s m\u00edstem trval\u00e9ho pobytu v obci Nemy\u010deves.<\/li>\n\n\n\n<li>D\u00edt\u011b s odkladem n\u00e1stupu \u0161koln\u00ed doch\u00e1zky z roku 2025 na na\u0161\u00ed \u0161kole.<\/li>\n\n\n\n<li>\u017d\u00e1ci, jejich\u017e sourozenec ji\u017e nav\u0161t\u011bvuje Z\u0160 Nemy\u010deves.<\/li>\n\n\n\n<li>D\u00edt\u011b z vesnice, odkud k n\u00e1m \u017e\u00e1ci aktu\u00e1ln\u011b doch\u00e1zej\u00ed &#8211; Vitin\u011bves, \u017deretice, Volanice, \u010ce\u0161ov &#8211; Lib\u011b\u0161ice, Kozojedy, Mil\u00ed\u010deves, Slavhostice, Vysok\u00e9 Vesel\u00ed &#8211; <strong>dle po\u0159ad\u00ed v rezerva\u010dn\u00edm syst\u00e9mu<\/strong>.<\/li>\n\n\n\n<li>D\u00e1le pak v\u0161ichni ostatn\u00ed z\u00e1jemci &#8211; <strong>dle po\u0159ad\u00ed v rezerva\u010dn\u00edm syst\u00e9mu<\/strong>.<\/li>\n<\/ol>\n\n\n\n<p><strong>Pln\u011bn\u00ed povinnosti \u0161koln\u00ed doch\u00e1zky<\/strong><\/p>\n\n\n\n<p>Pro vznik povinnosti za\u010d\u00edt chodit do \u0161koly je podle \u00a7 36 odst. 3 \u0161kolsk\u00e9ho z\u00e1kona rozhoduj\u00edc\u00ed v\u011bk d\u00edt\u011bte. Povinn\u00e1 \u0161koln\u00ed doch\u00e1zka za\u010d\u00edn\u00e1 po\u010d\u00e1tkem \u0161koln\u00edho roku, kter\u00fd n\u00e1sleduje po dni, kdy d\u00edt\u011b dos\u00e1hne \u0161est\u00e9ho roku v\u011bku, pokud mu nen\u00ed povolen odklad \u0161koln\u00ed doch\u00e1zky. K z\u00e1pisu do prvn\u00edho ro\u010dn\u00edku pro \u0161koln\u00ed rok 2026\/2027 se dostav\u00ed d\u011bti, kter\u00e9 dovr\u0161\u00ed \u0161est\u00fd rok v\u011bku nejpozd\u011bji do 31. 8. 2026, tzn. d\u011bti narozen\u00e9 od 1. 9. 2019 do 31. 8. 2020 a d\u00e1le d\u011bti, kter\u00fdm byl p\u0159i z\u00e1pisu v dubnu 2025 povolen odklad \u0161koln\u00ed doch\u00e1zky o jeden rok.<\/p>\n\n\n\n<p><strong>P\u0159ed\u010dasn\u00fd n\u00e1stup k pln\u011bn\u00ed \u0161koln\u00ed doch\u00e1zky<\/strong><\/p>\n\n\n\n<p>D\u00edt\u011b, kter\u00e9 dos\u00e1hne \u0161est\u00e9ho roku v\u011bku v dob\u011b od z\u00e1\u0159\u00ed do konce \u010dervna p\u0159\u00edslu\u0161n\u00e9ho \u0161koln\u00edho roku, m\u016f\u017ee b\u00fdt p\u0159ijato k pln\u011bn\u00ed povinn\u00e9 \u0161koln\u00ed doch\u00e1zky ji\u017e v tomto \u0161koln\u00edm roce, je-li p\u0159im\u011b\u0159en\u011b t\u011blesn\u011b i du\u0161evn\u011b vysp\u011bl\u00e9 a po\u017e\u00e1d\u00e1-li o to jeho z\u00e1konn\u00fd z\u00e1stupce. Podm\u00ednkou p\u0159ijet\u00ed d\u00edt\u011bte narozen\u00e9ho v obdob\u00ed od z\u00e1\u0159\u00ed do konce prosince k pln\u011bn\u00ed povinn\u00e9 \u0161koln\u00ed doch\u00e1zky je tak\u00e9 doporu\u010duj\u00edc\u00ed vyj\u00e1d\u0159en\u00ed \u0161kolsk\u00e9ho poradensk\u00e9ho za\u0159\u00edzen\u00ed, podm\u00ednkou p\u0159ijet\u00ed d\u00edt\u011bte narozen\u00e9ho od ledna do konce \u010dervna doporu\u010duj\u00edc\u00ed vyj\u00e1d\u0159en\u00ed \u0161kolsk\u00e9ho poradensk\u00e9ho za\u0159\u00edzen\u00ed a odborn\u00e9ho l\u00e9ka\u0159e, kter\u00e1 k \u017e\u00e1dosti p\u0159ilo\u017e\u00ed z\u00e1konn\u00fd z\u00e1stupce.<\/p>\n\n\n\n<p><strong>Odklad \u0161koln\u00ed doch\u00e1zky<\/strong><\/p>\n\n\n\n<p>Pokud d\u00edt\u011b nen\u00ed pro zah\u00e1jen\u00ed \u0161koln\u00ed doch\u00e1zky dosud p\u0159im\u011b\u0159en\u011b t\u011blesn\u011b nebo du\u0161evn\u011b vysp\u011bl\u00e9, mohou rodi\u010de p\u00edsemn\u011b po\u017e\u00e1dat \u0159editelstv\u00ed \u0161koly o odlo\u017een\u00ed jeho n\u00e1stupu do \u0161koly o 1 rok. Za\u010d\u00e1tek povinn\u00e9 \u0161koln\u00ed doch\u00e1zky lze odlo\u017eit pouze jednou.<\/p>\n\n\n\n<p>\u017d\u00e1dost o odklad mus\u00ed podat z\u00e1konn\u00fd z\u00e1stupce p\u00edsemn\u011b, a to v dob\u011b z\u00e1pisu.<\/p>\n\n\n\n<p>\u017d\u00e1dost o odklad mus\u00ed b\u00fdt dolo\u017eena doporu\u010duj\u00edc\u00edm posouzen\u00edm:<\/p>\n\n\n\n<p><strong>Pro d\u011bti narozen\u00e9 od 1. 9. 2019 do 31.3. 2020<\/strong><\/p>\n\n\n\n<ul class=\"wp-block-list\">\n<li>l\u00e9ka\u0159e (nem\u016f\u017ee to tedy b\u00fdt l\u00e9ka\u0159 se specializovanou zp\u016fsobilost\u00ed v oboru praktick\u00fd l\u00e9ka\u0159 pro d\u011bti a dorost nebo v oboru pediatrie) nebo klinick\u00e9ho psychologa,<\/li>\n\n\n\n<li>\u0161kolsk\u00e9ho poradensk\u00e9ho za\u0159\u00edzen\u00ed (pedagogicko-psychologick\u00e1 poradna nebo speci\u00e1ln\u011b pedagogick\u00e9 centrum), kter\u00e9 p\u0159ihl\u00e9dne k vyj\u00e1d\u0159en\u00ed l\u00e9ka\u0159e.<\/li>\n<\/ul>\n\n\n\n<p><strong>Pro d\u011bti narozen\u00e9 od 1. 4. 2020 do 31. 8. 2020<\/strong><\/p>\n\n\n\n<ul class=\"wp-block-list\">\n<li>odborn\u00e9ho l\u00e9ka\u0159e nebo klinick\u00e9ho psychologa (m\u016f\u017ee to b\u00fdt l\u00e9ka\u0159 se specializovanou zp\u016fsobilost\u00ed v oboru praktick\u00fd l\u00e9ka\u0159 pro d\u011bti a dorost nebo v oboru pediatrie),<\/li>\n\n\n\n<li>\u0161kolsk\u00e9ho poradensk\u00e9ho za\u0159\u00edzen\u00ed (pedagogicko-psychologick\u00e1 poradna nebo speci\u00e1ln\u011b pedagogick\u00e9 centrum).<\/li>\n<\/ul>\n\n\n\n<p>Pro aktu\u00e1ln\u00ed informace doporu\u010dujeme p\u0159ipojit se k&nbsp;facebookov\u00e9 str\u00e1nce \u0161koly pro p\u0159ed\u0161kol\u00e1ky \u201e<strong><a href=\"https:\/\/www.facebook.com\/groups\/2852526094858419\">Z\u0160 Nemy\u010deves P\u0158ED\u0160KOL\u00c1CI<\/a>\u201c.<\/strong> <\/p>\n\n\n\n<figure class=\"wp-block-image size-large\"><img loading=\"lazy\" decoding=\"async\" width=\"1024\" height=\"724\" src=\"https:\/\/www.zsnemyceves.info\/wp-content\/uploads\/2026\/01\/3-1-1024x724.png\" alt=\"\" class=\"wp-image-2557\" srcset=\"https:\/\/www.zsnemyceves.info\/wp-content\/uploads\/2026\/01\/3-1-1024x724.png 1024w, https:\/\/www.zsnemyceves.info\/wp-content\/uploads\/2026\/01\/3-1-300x212.png 300w, https:\/\/www.zsnemyceves.info\/wp-content\/uploads\/2026\/01\/3-1-768x543.png 768w, https:\/\/www.zsnemyceves.info\/wp-content\/uploads\/2026\/01\/3-1-1536x1086.png 1536w, https:\/\/www.zsnemyceves.info\/wp-content\/uploads\/2026\/01\/3-1.png 2000w\" sizes=\"auto, (max-width: 1024px) 100vw, 1024px\" \/><\/figure>\n\n\n\n<figure class=\"wp-block-image size-large\"><img loading=\"lazy\" decoding=\"async\" width=\"1024\" height=\"724\" src=\"https:\/\/www.zsnemyceves.info\/wp-content\/uploads\/2026\/01\/2-1024x724.png\" alt=\"\" class=\"wp-image-2558\" srcset=\"https:\/\/www.zsnemyceves.info\/wp-content\/uploads\/2026\/01\/2-1024x724.png 1024w, https:\/\/www.zsnemyceves.info\/wp-content\/uploads\/2026\/01\/2-300x212.png 300w, https:\/\/www.zsnemyceves.info\/wp-content\/uploads\/2026\/01\/2-768x543.png 768w, https:\/\/www.zsnemyceves.info\/wp-content\/uploads\/2026\/01\/2-1536x1086.png 1536w, https:\/\/www.zsnemyceves.info\/wp-content\/uploads\/2026\/01\/2.png 2000w\" sizes=\"auto, (max-width: 1024px) 100vw, 1024px\" \/><\/figure>\n","protected":false},"excerpt":{"rendered":"<p>Ozn\u00e1men\u00ed rozhodnut\u00ed o p\u0159ijet\u00ed \u017e\u00e1k\u016f k z\u00e1kladn\u00edmu vzd\u011bl\u00e1v\u00e1n\u00ed od \u0161koln\u00edho roku 2026\/2027. V\u0161em uchaze\u010d\u016fm moc gratulujeme a t\u011b\u0161\u00edme se v z\u00e1\u0159\u00ed na nov\u00e9 prv\u0148\u00e1\u010dky. Pro \u0161koln\u00ed rok 2026\/2027 je mo\u017en\u00e9 p\u0159ijmout maxim\u00e1ln\u011b 9 \u017e\u00e1k\u016f 1. ro\u010dn\u00edku. Krit\u00e9ria pro p\u0159ijet\u00ed d\u00edt\u011bte k z\u00e1kladn\u00edmu vzd\u011bl\u00e1v\u00e1n\u00ed: Pln\u011bn\u00ed povinnosti \u0161koln\u00ed doch\u00e1zky Pro vznik povinnosti za\u010d\u00edt chodit do \u0161koly je podle \u00a7 36 odst. 3<\/p>\n","protected":false},"author":1,"featured_media":0,"parent":192,"menu_order":0,"comment_status":"closed","ping_status":"closed","template":"","meta":{"footnotes":""},"class_list":["post-239","page","type-page","status-publish","hentry"],"_links":{"self":[{"href":"https:\/\/www.zsnemyceves.info\/index.php?rest_route=\/wp\/v2\/pages\/239","targetHints":{"allow":["GET"]}}],"collection":[{"href":"https:\/\/www.zsnemyceves.info\/index.php?rest_route=\/wp\/v2\/pages"}],"about":[{"href":"https:\/\/www.zsnemyceves.info\/index.php?rest_route=\/wp\/v2\/types\/page"}],"author":[{"embeddable":true,"href":"https:\/\/www.zsnemyceves.info\/index.php?rest_route=\/wp\/v2\/users\/1"}],"replies":[{"embeddable":true,"href":"https:\/\/www.zsnemyceves.info\/index.php?rest_route=%2Fwp%2Fv2%2Fcomments&post=239"}],"version-history":[{"count":62,"href":"https:\/\/www.zsnemyceves.info\/index.php?rest_route=\/wp\/v2\/pages\/239\/revisions"}],"predecessor-version":[{"id":2563,"href":"https:\/\/www.zsnemyceves.info\/index.php?rest_route=\/wp\/v2\/pages\/239\/revisions\/2563"}],"up":[{"embeddable":true,"href":"https:\/\/www.zsnemyceves.info\/index.php?rest_route=\/wp\/v2\/pages\/192"}],"wp:attachment":[{"href":"https:\/\/www.zsnemyceves.info\/index.php?rest_route=%2Fwp%2Fv2%2Fmedia&parent=239"}],"curies":[{"name":"wp","href":"https:\/\/api.w.org\/{rel}","templated":true}]}}